{"id":25,"date":"2020-02-11T07:03:35","date_gmt":"2020-02-11T06:03:35","guid":{"rendered":"https:\/\/agrovyzkum.cz\/hraward\/?page_id=25"},"modified":"2023-05-31T07:20:19","modified_gmt":"2023-05-31T05:20:19","slug":"o-projektu","status":"publish","type":"page","link":"https:\/\/agrovyzkum.cz\/hraward\/o-projektu\/","title":{"rendered":"O projektu"},"content":{"rendered":"<div id=\"pl-25\"  class=\"panel-layout\" ><div id=\"pg-25-0\"  class=\"panel-grid panel-no-style\" ><div id=\"pgc-25-0-0\"  class=\"panel-grid-cell\" ><div id=\"panel-25-0-0-0\" class=\"so-panel widget_nav_menu panel-first-child panel-last-child\" data-index=\"0\" ><div class=\"menu-o-projektu-container\"><ul id=\"menu-o-projektu\" class=\"menu\"><li id=\"menu-item-57\" class=\"menu-item menu-item-type-custom menu-item-object-custom menu-item-57\"><a href=\"#zakladni-informace\">Z\u00e1kladn\u00ed informace<\/a><\/li>\n<li id=\"menu-item-60\" class=\"menu-item menu-item-type-custom menu-item-object-custom menu-item-60\"><a href=\"#hlavni-cil\">Hlavn\u00ed c\u00edl<\/a><\/li>\n<li id=\"menu-item-59\" class=\"menu-item menu-item-type-custom menu-item-object-custom menu-item-59\"><a href=\"#specificke-cile\">Specifick\u00e9 c\u00edle<\/a><\/li>\n<li id=\"menu-item-61\" class=\"menu-item menu-item-type-custom menu-item-object-custom menu-item-61\"><a href=\"#anotace\">Anotace projektu<\/a><\/li>\n<li id=\"menu-item-62\" class=\"menu-item menu-item-type-custom menu-item-object-custom menu-item-62\"><a href=\"#klicove-aktivity\">Kl\u00ed\u010dov\u00e9 aktivity<\/a><\/li>\n<li id=\"menu-item-63\" class=\"menu-item menu-item-type-custom menu-item-object-custom menu-item-63\"><a href=\"#monitorovaci-indikatory\">Monitorovac\u00ed indik\u00e1tory<\/a><\/li>\n<\/ul><\/div><\/div><\/div><div id=\"pgc-25-0-1\"  class=\"panel-grid-cell\" ><div id=\"panel-25-0-1-0\" class=\"so-panel widget_sow-editor panel-first-child panel-last-child\" data-index=\"1\" ><div\n\t\t\t\n\t\t\tclass=\"so-widget-sow-editor so-widget-sow-editor-base\"\n\t\t\t\n\t\t>\n<div class=\"siteorigin-widget-tinymce textwidget\">\n\t<h4><a id=\"zakladni-informace\"><\/a>Z\u00e1kladn\u00ed informace<\/h4>\n<p><strong>N\u00e1zev projektu:<\/strong> Rozvoj kapacit pro v\u00fdzkum a v\u00fdvoj ve spole\u010dnosti Agrov\u00fdzkum Rapot\u00edn s.r.o.<\/p>\n<p><strong>Registra\u010dn\u00ed \u010d\u00edslo:<\/strong> CZ.02.2.69\/0.0\/0.0\/18_054\/0014647<\/p>\n<p><strong>Doba realizace:<\/strong> 1. 1. 2020 \u2013 31. 5. 2023<\/p>\n<p><strong>Kontaktn\u00ed osoba:<\/strong> Bc. Mark\u00e9ta Fl\u00e1\u0161arov\u00e1<\/p>\n<p><strong>Dota\u010dn\u00ed titul:<\/strong> Opera\u010dn\u00ed program V\u00fdzkum, v\u00fdvoj a vzd\u011bl\u00e1v\u00e1n\u00ed<\/p>\n<p><strong>N\u00e1zev v\u00fdzvy:<\/strong> Rozvoj kapacit pro v\u00fdzkum a v\u00fdvoj II v\u00a0prioritn\u00ed ose 2<\/p>\n<p><strong>\u010c\u00edslo v\u00fdzvy:<\/strong> 02_18_054<\/p>\n<hr \/>\n<h4><a id=\"hlavni-cil\"><\/a>Hlavn\u00ed c\u00edl projektu<\/h4>\n<p>Hlavn\u00edm c\u00edlem je nastaven\u00ed strategick\u00e9ho \u0159\u00edzen\u00ed v\u00fdzkumn\u00e9 organizace v souladu s podm\u00ednkami Evropsk\u00e9 charty pro v\u00fdzkumn\u00e9 pracovn\u00edky a Kodexu chov\u00e1n\u00ed pro p\u0159ij\u00edm\u00e1n\u00ed v\u00fdzkumn\u00fdch pracovn\u00edk\u016f.<\/p>\n<hr \/>\n<h4><a id=\"specificke-cile\"><\/a>Specifick\u00e9 c\u00edle projektu<\/h4>\n<p><strong>Nastaven\u00ed strategick\u00e9ho \u0159\u00edzen\u00ed v\u00fdzkumn\u00e9 organizace v souladu s podm\u00ednkami pro z\u00edsk\u00e1n\u00ed ocen\u011bn\u00ed \u201eHR Award\u201c.<\/strong><\/p>\n<p>Konkretizace:<\/p>\n<ol>\n<li>Realizace d\u00edl\u010d\u00edch f\u00e1z\u00ed vedouc\u00edch k z\u00edsk\u00e1n\u00ed a udr\u017een\u00ed mezin\u00e1rodn\u00edho ocen\u011bn\u00ed \u201eHR Award\u201c.<\/li>\n<\/ol>\n<p><strong>Strategick\u00e9 nastaven\u00ed a rozvoj lidsk\u00fdch zdroj\u016f, genderov\u00e9 rovnosti a \u0159\u00edzen\u00ed v\u00fdzkumn\u00e9 organizace.<\/strong><\/p>\n<p>Konkretizace:<\/p>\n<ol>\n<li>revize etick\u00e9ho kodexu a kari\u00e9rn\u00edho \u0159\u00e1du v\u00fdzkumn\u00e9 organizace;<\/li>\n<li>podpora vzd\u011bl\u00e1v\u00e1n\u00ed v oblasti rovnov\u00e1\u017en\u00e9ho profesn\u00edho rozvoje v\u00fdzkumn\u00fdch pracovn\u00edk\u016f\/pracovnic;<\/li>\n<li>\u0161kolen\u00ed a roz\u0161i\u0159ov\u00e1n\u00ed znalost\u00ed a dovednost\u00ed v oblasti genderov\u00e9 rovnosti;<\/li>\n<li>\u0161kolen\u00ed a roz\u0161i\u0159ov\u00e1n\u00ed znalost\u00ed a dovednost\u00ed \u0159\u00edd\u00edc\u00edch a dal\u0161\u00edch relevantn\u00edch pracovn\u00edk\u016f zabezpe\u010duj\u00edc\u00edch specializovan\u00e9 oblasti \u010dinnost\u00ed;<\/li>\n<li>person\u00e1ln\u00ed zaji\u0161t\u011bn\u00ed intern\u00ed grantov\u00e9 podpory;<\/li>\n<li>podpora mentoringov\u00fdch program\u016f pro za\u010d\u00ednaj\u00edc\u00ed v\u00fdzkumn\u00e9 pracovn\u00edky;<\/li>\n<li>person\u00e1ln\u00ed zaji\u0161t\u011bn\u00ed koordinace mentoringov\u00fdch program\u016f;<\/li>\n<\/ol>\n<p><strong>Strategick\u00e9 nastaven\u00ed a rozvoj vnit\u0159n\u00edho hodnocen\u00ed v\u00fdzkumn\u00e9 organizace.<\/strong><\/p>\n<p>Konkretizace:<\/p>\n<ol>\n<li>vytvo\u0159en\u00ed a implementace Strategie hodnocen\u00ed v\u00fdzkumn\u00fdch pracovn\u00edk\u016f a v\u00fdzkumn\u00e9 organizace jako celku;<\/li>\n<li>implementace Metodiky hodnocen\u00ed v\u00fdzkumn\u00fdch organizac\u00ed 2017+ v\u010d. souvisej\u00edc\u00edho vzd\u011bl\u00e1v\u00e1n\u00ed relevantn\u00edch pracovn\u00edk\u016f;<\/li>\n<li>vzd\u011bl\u00e1v\u00e1n\u00ed v oblasti hodnocen\u00ed v\u00fdzkumn\u00e9 organizace, sebehodnocen\u00ed.<\/li>\n<\/ol>\n<p><strong>Strategick\u00e9 nastaven\u00ed a rozvoj mezin\u00e1rodn\u00ed spolupr\u00e1ce ve v\u00fdzkumu a v\u00fdvoji.<\/strong><\/p>\n<p>Konkretizace:<\/p>\n<ol>\n<li>vytvo\u0159en\u00ed a implementace Strategie mezin\u00e1rodn\u00ed spolupr\u00e1ce ve v\u00fdzkumu a v\u00fdvoji;<\/li>\n<li>rozvoj mezin\u00e1rodn\u00ed spolupr\u00e1ce se zahrani\u010dn\u00edmi v\u00fdzkumn\u00fdmi organizacemi a dal\u0161\u00edmi subjekty zab\u00fdvaj\u00edc\u00edmi se v\u00fdzkumem;<\/li>\n<li>podpora publika\u010dn\u00edch aktivit v ciz\u00edm jazyce;<\/li>\n<li>\u00fa\u010dast v\u00fdzkumn\u00fdch pracovn\u00edk\u016f na v\u00fdznamn\u00fdch zahrani\u010dn\u00edch akc\u00edch a konferenc\u00edch, na kter\u00fdch bude doch\u00e1zet k prezentaci v\u011bdeck\u00fdch v\u00fdsledk\u016f a v\u011bdeck\u00e9 infrastruktury, vytv\u00e1\u0159en\u00ed s\u00edt\u011b strategick\u00fdch partner\u016f a rozvoj spolupr\u00e1ce s dal\u0161\u00edmi institucemi v zahrani\u010d\u00ed (veletrhy);<\/li>\n<\/ol>\n<p><strong>Strategick\u00e9 nastaven\u00ed a rozvoj mezisektorov\u00e9 spolupr\u00e1ce a transferu technologi\u00ed.<\/strong><\/p>\n<p>Konkretizace:<\/p>\n<ol>\n<li>vytvo\u0159en\u00ed a implementace Strategie pro rozvoj mezisektorov\u00e9 spolupr\u00e1ce, revize a aktualizace strategick\u00e9ho dokumentu t\u00fdkaj\u00edc\u00edho se nakl\u00e1d\u00e1n\u00ed s du\u0161evn\u00edm vlastnictv\u00edm a pro transfer znalost\u00ed z v\u00fdzkumn\u00e9ho prost\u0159ed\u00ed do praxe;<\/li>\n<li>rozvoj odborn\u00e9ho a administrativn\u00edho z\u00e1zem\u00ed pro podporu mezisektorov\u00e9 spolupr\u00e1ce;<\/li>\n<li>vy\u0161kolen\u00ed odborn\u00edk\u016f v oblasti du\u0161evn\u00edho vlastnictv\u00ed; vzd\u011bl\u00e1v\u00e1n\u00ed pracovn\u00edk\u016f t\u00fdmu transferu technologi\u00ed;<\/li>\n<li>realizace mezisektorov\u00fdch setk\u00e1n\u00ed.<\/li>\n<\/ol>\n<p><strong>Strategick\u00e9 nastaven\u00ed a rozvoj otev\u0159en\u00e9ho p\u0159\u00edstupu k v\u011bdeck\u00fdm informac\u00edm.<\/strong><\/p>\n<p>Konkretizace:<\/p>\n<ol>\n<li>vytvo\u0159en\u00ed a implementace Strategie otev\u0159en\u00e9ho p\u0159\u00edstupu k v\u00fdsledk\u016fm a v\u011bdeck\u00fdm informac\u00edm;<\/li>\n<li>odborn\u00e1 \u0161kolen\u00ed vedouc\u00edch a v\u00fdzkumn\u00fdch pracovn\u00edk\u016f v oblasti open access;<\/li>\n<li>\u0161kolen\u00ed zodpov\u011bdn\u00fdch pracovn\u00edk\u016f v oblasti otev\u0159en\u00e9ho p\u0159\u00edstupu k v\u011bdeck\u00fdm informac\u00edm.<\/li>\n<\/ol>\n<p><strong>Strategick\u00e9 nastaven\u00ed a rozvoj popularizace v\u00fdzkumu a v\u00fdvoje.<\/strong><\/p>\n<p>Konkretizace:<\/p>\n<ol>\n<li>vytvo\u0159en\u00ed a implementace strategie pro popularizaci \u010dinnost\u00ed a v\u00fdsledk\u016f;<\/li>\n<li>rozvoj lidsk\u00fdch zdroj\u016f pro popularizaci;<\/li>\n<li>tvorba a pilot\u00e1\u017e nov\u00fdch popul\u00e1rn\u011b nau\u010dn\u00fdch program\u016f, kter\u00e9 slou\u017e\u00ed k propagaci VaV;<\/li>\n<li>dovybaven\u00ed expozic, kter\u00e9 slou\u017e\u00ed k popularizaci VaV.<\/li>\n<\/ol>\n<hr \/>\n<h4><a id=\"anotace\"><\/a>Anotace projektu<\/h4>\n<p>Projekt je zam\u011b\u0159en na rozvoj kapacit, znalost\u00ed a dovednost\u00ed mana\u017eersk\u00fdch, v\u00fdzkumn\u00fdch, technick\u00fdch a administrativn\u00edch pracovn\u00edk\u016f v\u00fdzkumn\u00e9 organizace Agrov\u00fdzkum Rapot\u00edn s.r.o. V r\u00e1mci projektov\u00fdch aktivit se v\u00fdzkumn\u00e1 organizace zam\u011b\u0159\u00ed zejm\u00e9na na rozvoj vnit\u0159n\u00edho prost\u0159ed\u00ed, zlep\u0161en\u00ed strategick\u00e9ho \u0159\u00edzen\u00ed ve v\u0161ech sv\u00fdch \u010dinnostech, zejm\u00e9na pak v oblasti lidsk\u00fdch zdroj\u016f, mezin\u00e1rodn\u00ed a mezisektorov\u00e9 spolupr\u00e1ce, otev\u0159en\u00e9ho p\u0159\u00edstupu k v\u011bdeck\u00fdm informac\u00edm a popularizace, zaveden\u00ed syst\u00e9mu vnit\u0159n\u00edho hodnocen\u00ed a vyty\u010den\u00ed jasn\u00fdch v\u00fdzkumn\u00fdch priorit instituce.<\/p>\n<p>Jedn\u00edm z c\u00edl\u016f projektu je nastaven\u00ed strategick\u00e9ho \u0159\u00edzen\u00ed v\u00fdzkumn\u00e9 organice prost\u0159ednictv\u00edm realizace d\u00edl\u010d\u00edch f\u00e1z\u00ed vedouc\u00edch k z\u00edsk\u00e1n\u00ed a udr\u017een\u00ed mezin\u00e1rodn\u00edho ocen\u011bn\u00ed \u201eHR Award\u201c.<\/p>\n<hr \/>\n<h4><a id=\"klicove-aktivity\"><\/a>Kl\u00ed\u010dov\u00e9 aktivity<\/h4>\n<p>KA 01: \u0158\u00edzen\u00ed projektu<\/p>\n<p><a href=\"https:\/\/agrovyzkum.cz\/hraward\/\">KA 02: Nastaven\u00ed strategick\u00e9ho \u0159\u00edzen\u00ed v\u00fdzkumn\u00e9 organizace v souladu s podm\u00ednkami pro z\u00edsk\u00e1n\u00ed ocen\u011bn\u00ed \"HR Award\"<\/a><\/p>\n<p>KA 03: Strategick\u00e9 nastaven\u00ed a rozvoj lidsk\u00fdch zdroj\u016f, genderov\u00e9 rovnosti a \u0159\u00edzen\u00ed v\u00fdzkumn\u00e9 organizace<\/p>\n<p>KA 04: Strategick\u00e9 nastaven\u00ed a rozvoj vnit\u0159n\u00edho hodnocen\u00ed v\u00fdzkumn\u00e9 organizace<\/p>\n<p>KA 05: Strategick\u00e9 nastaven\u00ed a rozvoj mezin\u00e1rodn\u00ed spolupr\u00e1ce ve v\u00fdzkumu a v\u00fdvoji a internacionalizace v\u00fdzkumn\u00e9 organizace<\/p>\n<p>KA 06: Strategick\u00e9 nastaven\u00ed a rozvoj mezisektorov\u00e9 spolupr\u00e1ce a transferu technologi\u00ed<\/p>\n<p>KA 07: Strategick\u00e9 nastaven\u00ed a rozvoj otev\u0159en\u00e9ho p\u0159\u00edstupu k v\u011bdeck\u00fdm informac\u00edm<\/p>\n<p>KA 08: Strategick\u00e9 nastaven\u00ed a rozvoj popularizace v\u00fdzkumu a v\u00fdvoje<\/p>\n<hr \/>\n<h4><a id=\"monitorovaci-indikatory\"><\/a>Monitorovac\u00ed indik\u00e1tory<\/h4>\n<table  class=\" table table-hover\" style=\"width: 100%; border-collapse: collapse;\" border=\"0\">\n<tbody>\n<tr>\n<td style=\"width: 85.2432%; vertical-align: middle;\">Po\u010det podpo\u0159en\u00fdch v\u00fdzkumn\u00fdch a akademick\u00fdch pracovn\u00edk\u016f<\/td>\n<td style=\"width: 14.7568%; text-align: right; vertical-align: middle;\">171<\/td>\n<\/tr>\n<tr>\n<td style=\"width: 85.2432%; vertical-align: middle;\">Po\u010det podpo\u0159en\u00fdch administrativn\u00edch a technick\u00fdch pracovn\u00edk\u016f<\/td>\n<td style=\"width: 14.7568%; text-align: right; vertical-align: middle;\">77<\/td>\n<\/tr>\n<tr>\n<td style=\"width: 85.2432%; vertical-align: middle;\">Celkov\u00fd po\u010det \u00fa\u010dastn\u00edk\u016f<\/td>\n<td style=\"width: 14.7568%; text-align: right; vertical-align: middle;\">28<\/td>\n<\/tr>\n<tr>\n<td style=\"width: 85.2432%; vertical-align: middle;\">Po\u010det nov\u00fdch produkt\u016f modernizuj\u00edc\u00edch syst\u00e9my strategick\u00e9ho \u0159\u00edzen\u00ed ve v\u00fdzkumn\u00fdch organizac\u00edch<\/td>\n<td style=\"width: 14.7568%; text-align: right; vertical-align: middle;\">11<\/td>\n<\/tr>\n<tr>\n<td style=\"width: 85.2432%; vertical-align: middle;\">Po\u010det uspo\u0159\u00e1dan\u00fdch jednor\u00e1zov\u00fdch akc\u00ed<\/td>\n<td style=\"width: 14.7568%; text-align: right; vertical-align: middle;\">12<\/td>\n<\/tr>\n<tr>\n<td style=\"width: 85.2432%; vertical-align: middle;\">Po\u010det organizac\u00ed, jejich\u017e pracovn\u00edci zv\u00fd\u0161ili svou kvalifikaci ve VaV, jeho \u0159\u00edzen\u00ed a oblastech souvisej\u00edc\u00edch<\/td>\n<td style=\"width: 14.7568%; text-align: right; vertical-align: middle;\">1<\/td>\n<\/tr>\n<tr>\n<td style=\"width: 85.2432%; vertical-align: middle;\">Po\u010det v\u00fdzkumn\u00fdch organizac\u00ed s\u00a0modernizovan\u00fdm syst\u00e9mem strategick\u00e9ho \u0159\u00edzen\u00ed<\/td>\n<td style=\"width: 14.7568%; text-align: right; vertical-align: middle;\">1<\/td>\n<\/tr>\n<tr>\n<td style=\"width: 85.2432%; vertical-align: middle;\">Po\u010det podpo\u0159en\u00fdch spoluprac\u00ed<\/td>\n<td style=\"width: 14.7568%; text-align: right; vertical-align: middle;\">2<\/td>\n<\/tr>\n<\/tbody>\n<\/table>\n<p>Projekt Rozvoj kapacit pro v\u00fdzkum a v\u00fdvoj ve spole\u010dnosti Agrov\u00fdzkum Rapot\u00edn s.r.o. je spolufinancov\u00e1n Evropskou uni\u00ed.<\/p>\n<hr \/>\n<p><img loading=\"lazy\" decoding=\"async\" class=\"aligncenter wp-image-35 size-large\" src=\"https:\/\/agrovyzkum.cz\/hraward\/wp-content\/uploads\/sites\/6\/2020\/02\/opvvv_logo-1024x201.jpg\" alt=\"\" width=\"648\" height=\"127\" srcset=\"https:\/\/agrovyzkum.cz\/hraward\/wp-content\/uploads\/sites\/6\/2020\/02\/opvvv_logo-1024x201.jpg 1024w, https:\/\/agrovyzkum.cz\/hraward\/wp-content\/uploads\/sites\/6\/2020\/02\/opvvv_logo-300x59.jpg 300w, https:\/\/agrovyzkum.cz\/hraward\/wp-content\/uploads\/sites\/6\/2020\/02\/opvvv_logo-768x151.jpg 768w, https:\/\/agrovyzkum.cz\/hraward\/wp-content\/uploads\/sites\/6\/2020\/02\/opvvv_logo.jpg 1476w\" sizes=\"auto, (max-width: 648px) 100vw, 648px\" \/><\/p>\n<\/div>\n<\/div><\/div><\/div><\/div><\/div>","protected":false},"excerpt":{"rendered":"<p>Hlavn\u00edm c\u00edlem je nastaven\u00ed strategick\u00e9ho \u0159\u00edzen\u00ed v\u00fdzkumn\u00e9 organizace v souladu s podm\u00ednkami Evropsk\u00e9 charty pro v\u00fdzkumn\u00e9 pracovn\u00edky a Kodexu chov\u00e1n\u00ed pro p\u0159ij\u00edm\u00e1n\u00ed v\u00fdzkumn\u00fdch pracovn\u00edk\u016f.<\/p>\n","protected":false},"author":1,"featured_media":56,"parent":0,"menu_order":0,"comment_status":"closed","ping_status":"closed","template":"page-hraward.php","meta":{"inline_featured_image":false,"footnotes":""},"class_list":["post-25","page","type-page","status-publish","has-post-thumbnail","hentry"],"yoast_head":"<!-- This site is optimized with the Yoast SEO plugin v24.4 - https:\/\/yoast.com\/wordpress\/plugins\/seo\/ -->\n<title>O projektu | HR Award<\/title>\n<meta name=\"robots\" content=\"index, follow, max-snippet:-1, max-image-preview:large, max-video-preview:-1\" \/>\n<link rel=\"canonical\" href=\"https:\/\/agrovyzkum.cz\/hraward\/o-projektu\/\" \/>\n<meta property=\"og:locale\" content=\"cs_CZ\" \/>\n<meta property=\"og:type\" content=\"article\" \/>\n<meta property=\"og:title\" content=\"O projektu | HR Award\" \/>\n<meta property=\"og:description\" content=\"Hlavn\u00edm c\u00edlem je nastaven\u00ed strategick\u00e9ho \u0159\u00edzen\u00ed v\u00fdzkumn\u00e9 organizace v souladu s podm\u00ednkami Evropsk\u00e9 charty pro v\u00fdzkumn\u00e9 pracovn\u00edky a Kodexu chov\u00e1n\u00ed pro p\u0159ij\u00edm\u00e1n\u00ed v\u00fdzkumn\u00fdch pracovn\u00edk\u016f.\" \/>\n<meta property=\"og:url\" content=\"https:\/\/agrovyzkum.cz\/hraward\/o-projektu\/\" \/>\n<meta property=\"og:site_name\" content=\"HR Award\" \/>\n<meta property=\"article:modified_time\" content=\"2023-05-31T05:20:19+00:00\" \/>\n<meta property=\"og:image\" content=\"https:\/\/agrovyzkum.cz\/hraward\/wp-content\/uploads\/sites\/6\/2020\/02\/laboratory-2815640_slider.jpg\" \/>\n\t<meta property=\"og:image:width\" content=\"1920\" \/>\n\t<meta property=\"og:image:height\" content=\"550\" \/>\n\t<meta property=\"og:image:type\" content=\"image\/jpeg\" \/>\n<meta name=\"twitter:card\" content=\"summary_large_image\" \/>\n<meta name=\"twitter:label1\" content=\"Odhadovan\u00e1 doba \u010dten\u00ed\" \/>\n\t<meta name=\"twitter:data1\" content=\"5 minut\" \/>\n<script type=\"application\/ld+json\" class=\"yoast-schema-graph\">{\"@context\":\"https:\/\/schema.org\",\"@graph\":[{\"@type\":\"WebPage\",\"@id\":\"https:\/\/agrovyzkum.cz\/hraward\/o-projektu\/\",\"url\":\"https:\/\/agrovyzkum.cz\/hraward\/o-projektu\/\",\"name\":\"O projektu | HR Award\",\"isPartOf\":{\"@id\":\"https:\/\/agrovyzkum.cz\/hraward\/#website\"},\"primaryImageOfPage\":{\"@id\":\"https:\/\/agrovyzkum.cz\/hraward\/o-projektu\/#primaryimage\"},\"image\":{\"@id\":\"https:\/\/agrovyzkum.cz\/hraward\/o-projektu\/#primaryimage\"},\"thumbnailUrl\":\"https:\/\/agrovyzkum.cz\/hraward\/wp-content\/uploads\/sites\/6\/2020\/02\/laboratory-2815640_slider.jpg\",\"datePublished\":\"2020-02-11T06:03:35+00:00\",\"dateModified\":\"2023-05-31T05:20:19+00:00\",\"breadcrumb\":{\"@id\":\"https:\/\/agrovyzkum.cz\/hraward\/o-projektu\/#breadcrumb\"},\"inLanguage\":\"cs\",\"potentialAction\":[{\"@type\":\"ReadAction\",\"target\":[\"https:\/\/agrovyzkum.cz\/hraward\/o-projektu\/\"]}]},{\"@type\":\"ImageObject\",\"inLanguage\":\"cs\",\"@id\":\"https:\/\/agrovyzkum.cz\/hraward\/o-projektu\/#primaryimage\",\"url\":\"https:\/\/agrovyzkum.cz\/hraward\/wp-content\/uploads\/sites\/6\/2020\/02\/laboratory-2815640_slider.jpg\",\"contentUrl\":\"https:\/\/agrovyzkum.cz\/hraward\/wp-content\/uploads\/sites\/6\/2020\/02\/laboratory-2815640_slider.jpg\",\"width\":1920,\"height\":550},{\"@type\":\"BreadcrumbList\",\"@id\":\"https:\/\/agrovyzkum.cz\/hraward\/o-projektu\/#breadcrumb\",\"itemListElement\":[{\"@type\":\"ListItem\",\"position\":1,\"name\":\"HR Award\",\"item\":\"https:\/\/agrovyzkum.cz\/hraward\/en\/\"},{\"@type\":\"ListItem\",\"position\":2,\"name\":\"O projektu\"}]},{\"@type\":\"WebSite\",\"@id\":\"https:\/\/agrovyzkum.cz\/hraward\/#website\",\"url\":\"https:\/\/agrovyzkum.cz\/hraward\/\",\"name\":\"HR Award\",\"description\":\"Rozvoj kapacit pro v\u00fdzkum a v\u00fdvoj ve spole\u010dnosti Agrov\u00fdzkum Rapot\u00edn\",\"publisher\":{\"@id\":\"https:\/\/agrovyzkum.cz\/hraward\/#organization\"},\"potentialAction\":[{\"@type\":\"SearchAction\",\"target\":{\"@type\":\"EntryPoint\",\"urlTemplate\":\"https:\/\/agrovyzkum.cz\/hraward\/?s={search_term_string}\"},\"query-input\":{\"@type\":\"PropertyValueSpecification\",\"valueRequired\":true,\"valueName\":\"search_term_string\"}}],\"inLanguage\":\"cs\"},{\"@type\":\"Organization\",\"@id\":\"https:\/\/agrovyzkum.cz\/hraward\/#organization\",\"name\":\"Agrov\u00fdzkum Rapot\u00edn s.r.o.\",\"url\":\"https:\/\/agrovyzkum.cz\/hraward\/\",\"logo\":{\"@type\":\"ImageObject\",\"inLanguage\":\"cs\",\"@id\":\"https:\/\/agrovyzkum.cz\/hraward\/#\/schema\/logo\/image\/\",\"url\":\"https:\/\/agrovyzkum.cz\/hraward\/wp-content\/uploads\/sites\/6\/2020\/03\/logo_agro.svg\",\"contentUrl\":\"https:\/\/agrovyzkum.cz\/hraward\/wp-content\/uploads\/sites\/6\/2020\/03\/logo_agro.svg\",\"width\":36,\"height\":22,\"caption\":\"Agrov\u00fdzkum Rapot\u00edn s.r.o.\"},\"image\":{\"@id\":\"https:\/\/agrovyzkum.cz\/hraward\/#\/schema\/logo\/image\/\"}}]}<\/script>\n<!-- \/ Yoast SEO plugin. -->","yoast_head_json":{"title":"O projektu | HR Award","robots":{"index":"index","follow":"follow","max-snippet":"max-snippet:-1","max-image-preview":"max-image-preview:large","max-video-preview":"max-video-preview:-1"},"canonical":"https:\/\/agrovyzkum.cz\/hraward\/o-projektu\/","og_locale":"cs_CZ","og_type":"article","og_title":"O projektu | HR Award","og_description":"Hlavn\u00edm c\u00edlem je nastaven\u00ed strategick\u00e9ho \u0159\u00edzen\u00ed v\u00fdzkumn\u00e9 organizace v souladu s podm\u00ednkami Evropsk\u00e9 charty pro v\u00fdzkumn\u00e9 pracovn\u00edky a Kodexu chov\u00e1n\u00ed pro p\u0159ij\u00edm\u00e1n\u00ed v\u00fdzkumn\u00fdch pracovn\u00edk\u016f.","og_url":"https:\/\/agrovyzkum.cz\/hraward\/o-projektu\/","og_site_name":"HR Award","article_modified_time":"2023-05-31T05:20:19+00:00","og_image":[{"width":1920,"height":550,"url":"https:\/\/agrovyzkum.cz\/hraward\/wp-content\/uploads\/sites\/6\/2020\/02\/laboratory-2815640_slider.jpg","type":"image\/jpeg"}],"twitter_card":"summary_large_image","twitter_misc":{"Odhadovan\u00e1 doba \u010dten\u00ed":"5 minut"},"schema":{"@context":"https:\/\/schema.org","@graph":[{"@type":"WebPage","@id":"https:\/\/agrovyzkum.cz\/hraward\/o-projektu\/","url":"https:\/\/agrovyzkum.cz\/hraward\/o-projektu\/","name":"O projektu | HR Award","isPartOf":{"@id":"https:\/\/agrovyzkum.cz\/hraward\/#website"},"primaryImageOfPage":{"@id":"https:\/\/agrovyzkum.cz\/hraward\/o-projektu\/#primaryimage"},"image":{"@id":"https:\/\/agrovyzkum.cz\/hraward\/o-projektu\/#primaryimage"},"thumbnailUrl":"https:\/\/agrovyzkum.cz\/hraward\/wp-content\/uploads\/sites\/6\/2020\/02\/laboratory-2815640_slider.jpg","datePublished":"2020-02-11T06:03:35+00:00","dateModified":"2023-05-31T05:20:19+00:00","breadcrumb":{"@id":"https:\/\/agrovyzkum.cz\/hraward\/o-projektu\/#breadcrumb"},"inLanguage":"cs","potentialAction":[{"@type":"ReadAction","target":["https:\/\/agrovyzkum.cz\/hraward\/o-projektu\/"]}]},{"@type":"ImageObject","inLanguage":"cs","@id":"https:\/\/agrovyzkum.cz\/hraward\/o-projektu\/#primaryimage","url":"https:\/\/agrovyzkum.cz\/hraward\/wp-content\/uploads\/sites\/6\/2020\/02\/laboratory-2815640_slider.jpg","contentUrl":"https:\/\/agrovyzkum.cz\/hraward\/wp-content\/uploads\/sites\/6\/2020\/02\/laboratory-2815640_slider.jpg","width":1920,"height":550},{"@type":"BreadcrumbList","@id":"https:\/\/agrovyzkum.cz\/hraward\/o-projektu\/#breadcrumb","itemListElement":[{"@type":"ListItem","position":1,"name":"HR Award","item":"https:\/\/agrovyzkum.cz\/hraward\/en\/"},{"@type":"ListItem","position":2,"name":"O projektu"}]},{"@type":"WebSite","@id":"https:\/\/agrovyzkum.cz\/hraward\/#website","url":"https:\/\/agrovyzkum.cz\/hraward\/","name":"HR Award","description":"Rozvoj kapacit pro v\u00fdzkum a v\u00fdvoj ve spole\u010dnosti Agrov\u00fdzkum Rapot\u00edn","publisher":{"@id":"https:\/\/agrovyzkum.cz\/hraward\/#organization"},"potentialAction":[{"@type":"SearchAction","target":{"@type":"EntryPoint","urlTemplate":"https:\/\/agrovyzkum.cz\/hraward\/?s={search_term_string}"},"query-input":{"@type":"PropertyValueSpecification","valueRequired":true,"valueName":"search_term_string"}}],"inLanguage":"cs"},{"@type":"Organization","@id":"https:\/\/agrovyzkum.cz\/hraward\/#organization","name":"Agrov\u00fdzkum Rapot\u00edn s.r.o.","url":"https:\/\/agrovyzkum.cz\/hraward\/","logo":{"@type":"ImageObject","inLanguage":"cs","@id":"https:\/\/agrovyzkum.cz\/hraward\/#\/schema\/logo\/image\/","url":"https:\/\/agrovyzkum.cz\/hraward\/wp-content\/uploads\/sites\/6\/2020\/03\/logo_agro.svg","contentUrl":"https:\/\/agrovyzkum.cz\/hraward\/wp-content\/uploads\/sites\/6\/2020\/03\/logo_agro.svg","width":36,"height":22,"caption":"Agrov\u00fdzkum Rapot\u00edn s.r.o."},"image":{"@id":"https:\/\/agrovyzkum.cz\/hraward\/#\/schema\/logo\/image\/"}}]}},"_links":{"self":[{"href":"https:\/\/agrovyzkum.cz\/hraward\/wp-json\/wp\/v2\/pages\/25","targetHints":{"allow":["GET"]}}],"collection":[{"href":"https:\/\/agrovyzkum.cz\/hraward\/wp-json\/wp\/v2\/pages"}],"about":[{"href":"https:\/\/agrovyzkum.cz\/hraward\/wp-json\/wp\/v2\/types\/page"}],"author":[{"embeddable":true,"href":"https:\/\/agrovyzkum.cz\/hraward\/wp-json\/wp\/v2\/users\/1"}],"replies":[{"embeddable":true,"href":"https:\/\/agrovyzkum.cz\/hraward\/wp-json\/wp\/v2\/comments?post=25"}],"version-history":[{"count":0,"href":"https:\/\/agrovyzkum.cz\/hraward\/wp-json\/wp\/v2\/pages\/25\/revisions"}],"wp:featuredmedia":[{"embeddable":true,"href":"https:\/\/agrovyzkum.cz\/hraward\/wp-json\/wp\/v2\/media\/56"}],"wp:attachment":[{"href":"https:\/\/agrovyzkum.cz\/hraward\/wp-json\/wp\/v2\/media?parent=25"}],"curies":[{"name":"wp","href":"https:\/\/api.w.org\/{rel}","templated":true}]}}