{"id":24,"date":"2019-08-20T18:48:23","date_gmt":"2019-08-20T16:48:23","guid":{"rendered":"https:\/\/agrovyzkum.cz\/bulletin\/?page_id=24"},"modified":"2025-06-03T06:49:24","modified_gmt":"2025-06-03T04:49:24","slug":"redakcni-rada","status":"publish","type":"page","link":"https:\/\/agrovyzkum.cz\/bulletin\/redakcni-rada\/","title":{"rendered":"Redak\u010dn\u00ed rada"},"content":{"rendered":"<div id=\"pl-24\"  class=\"panel-layout\" ><div id=\"pg-24-0\"  class=\"panel-grid panel-no-style\" ><div id=\"pgc-24-0-0\"  class=\"panel-grid-cell\" ><div id=\"panel-24-0-0-0\" class=\"so-panel widget_sow-editor panel-first-child panel-last-child\" data-index=\"0\" ><div\n\t\t\t\n\t\t\tclass=\"so-widget-sow-editor so-widget-sow-editor-base\"\n\t\t\t\n\t\t>\n<div class=\"siteorigin-widget-tinymce textwidget\">\n\t<h4>P\u0159edseda redak\u010dn\u00ed rady<\/h4>\n<ul>\n<li>Ing. Prokop \u0160mirous, Ph.D. \/ Agrov\u00fdzkum Rapot\u00edn s.r.o.<\/li>\n<\/ul>\n<h4 style=\"text-align: left;\" align=\"center\">\u0160\u00e9fredaktor<\/h4>\n<ul>\n<li style=\"text-align: left;\">doc. Ing. Ji\u0159\u00ed Bezd\u00ed\u010dek, Ph.D. \/ Univerzita Palack\u00e9ho v Olomouci<\/li>\n<\/ul>\n<h4 style=\"text-align: left;\" align=\"center\">V\u00fdkonn\u00fd redaktor<\/h4>\n<ul>\n<li style=\"text-align: left;\">Ing. Marian Koza \/\u00a0Agrov\u00fdzkum Rapot\u00edn s.r.o.<\/li>\n<\/ul>\n<h4 style=\"text-align: left;\">Intern\u00ed \u010dlenov\u00e9<\/h4>\n<ul id=\"bez-odr-rr\" style=\"text-align: left;\">\n<li>Ing. Old\u0159ich L\u00e1tal, Ph.D.<\/li>\n<li>Ing. Jan Pozd\u00ed\u0161ek, CSc.<\/li>\n<li>MVDr. Hana Proch\u00e1zkov\u00e1<\/li>\n<li>Mgr. Blanka Z\u00e1brodsk\u00e1, Ph.D.<\/li>\n<\/ul>\n<h4 style=\"text-align: left;\">Extern\u00ed \u010dlenov\u00e9<\/h4>\n<ul id=\"bez-odr-rr\">\n<li style=\"text-align: left;\">doc. Ing. Jan Beran, Ph.D. \/ Jiho\u010desk\u00e1 univerzita v \u010cesk\u00fdch Bud\u011bjovic\u00edch<\/li>\n<li>Ing. Marek Bjelka, Ph.D. \/ Chovatelsk\u00e9 dru\u017estvo Impuls, Bohdalec<\/li>\n<li>doc. Ing. Radek Filip\u010d\u00edk, Ph.D. \/ Mendelova univerzita v Brn\u011b<\/li>\n<li>prof. Ing. Oto Hanu\u0161, Ph.D. \/ V\u00fdzkumn\u00fd \u00fastav ml\u00e9k\u00e1rensk\u00fd s.r.o., Praha<\/li>\n<li style=\"text-align: left;\">prof. Ing. Gustav Chl\u00e1dek, CSc. \/ Mendelova univerzita v Brn\u011b<\/li>\n<li style=\"text-align: left;\">prof. RNDr. Ivana M\u00e1rov\u00e1, CSc. \/ Vysok\u00e9 u\u010den\u00ed technick\u00e9 v Brn\u011b<\/li>\n<li>Mgr. Marie Mr\u00e1zkov\u00e1 Ph.D. \/ Agritec Plant Research s.r.o., \u0160umperk<\/li>\n<li style=\"text-align: left;\">doc. MVDr. Alena Pechov\u00e1, CSc. \/ Mendelova univerzita v Brn\u011b<\/li>\n<li style=\"text-align: left;\">RNDr. Ivana Poli\u0161ensk\u00e1, Ph.D. \/ Zem\u011bd\u011blsk\u00fd v\u00fdzkumn\u00fd \u00fastav Krom\u011b\u0159\u00ed\u017e, s.r.o.<\/li>\n<li style=\"text-align: left;\">Mgr. Ing. Anton\u00edn Pon\u00ed\u017eil, CSc. \/ AGRITEC, v\u00fdzkum, \u0161lecht\u011bn\u00ed a slu\u017eby, s.r.o., \u0160umperk<\/li>\n<li style=\"text-align: left;\">prof. Ing. J\u00ed\u0159\u00ed Skl\u00e1danka, Ph.D. \/ Mendelova univerzita v Brn\u011b<\/li>\n<li style=\"text-align: left;\">doc. Ing. Lud\u011bk St\u00e1dn\u00edk, Ph.D. \/\u00a0\u010cesk\u00e1 zem\u011bd\u011blsk\u00e1 univerzita v Praze<\/li>\n<\/ul>\n<\/div>\n<\/div><\/div><\/div><\/div><\/div>","protected":false},"excerpt":{"rendered":"<p>P\u0159edseda redak\u010dn\u00ed rady Ing. Prokop \u0160mirous, Ph.D. \/ Agrov\u00fdzkum Rapot\u00edn s.r.o. \u0160\u00e9fredaktor doc. Ing. Ji\u0159\u00ed Bezd\u00ed\u010dek, Ph.D. \/ Univerzita Palack\u00e9ho v Olomouci V\u00fdkonn\u00fd redaktor Ing. Marian Koza \/\u00a0Agrov\u00fdzkum Rapot\u00edn s.r.o. Intern\u00ed \u010dlenov\u00e9 Ing. Old\u0159ich L\u00e1tal, Ph.D. Ing. Jan Pozd\u00ed\u0161ek, CSc. MVDr. Hana Proch\u00e1zkov\u00e1 Mgr. Blanka Z\u00e1brodsk\u00e1, Ph.D. Extern\u00ed \u010dlenov\u00e9 doc. Ing. Jan Beran, Ph.D. \/ Jiho\u010desk\u00e1 univerzita v \u010cesk\u00fdch Bud\u011bjovic\u00edch [&hellip;]<\/p>\n","protected":false},"author":1,"featured_media":390,"parent":0,"menu_order":0,"comment_status":"closed","ping_status":"closed","template":"","meta":{"inline_featured_image":false,"footnotes":""},"class_list":["post-24","page","type-page","status-publish","has-post-thumbnail","hentry"],"yoast_head":"<!-- This site is optimized with the Yoast SEO plugin v24.4 - https:\/\/yoast.com\/wordpress\/plugins\/seo\/ -->\n<title>Redak\u010dn\u00ed rada | V\u00fdzkum v chovu skotu<\/title>\n<meta name=\"robots\" content=\"index, follow, max-snippet:-1, max-image-preview:large, max-video-preview:-1\" \/>\n<link rel=\"canonical\" href=\"https:\/\/agrovyzkum.cz\/bulletin\/redakcni-rada\/\" \/>\n<meta property=\"og:locale\" content=\"cs_CZ\" \/>\n<meta property=\"og:type\" content=\"article\" \/>\n<meta property=\"og:title\" content=\"Redak\u010dn\u00ed rada | V\u00fdzkum v chovu skotu\" \/>\n<meta property=\"og:description\" content=\"P\u0159edseda redak\u010dn\u00ed rady Ing. Prokop \u0160mirous, Ph.D. \/ Agrov\u00fdzkum Rapot\u00edn s.r.o. \u0160\u00e9fredaktor doc. Ing. Ji\u0159\u00ed Bezd\u00ed\u010dek, Ph.D. \/ Univerzita Palack\u00e9ho v Olomouci V\u00fdkonn\u00fd redaktor Ing. Marian Koza \/\u00a0Agrov\u00fdzkum Rapot\u00edn s.r.o. Intern\u00ed \u010dlenov\u00e9 Ing. Old\u0159ich L\u00e1tal, Ph.D. Ing. Jan Pozd\u00ed\u0161ek, CSc. MVDr. Hana Proch\u00e1zkov\u00e1 Mgr. Blanka Z\u00e1brodsk\u00e1, Ph.D. Extern\u00ed \u010dlenov\u00e9 doc. Ing. Jan Beran, Ph.D. \/ Jiho\u010desk\u00e1 univerzita v \u010cesk\u00fdch Bud\u011bjovic\u00edch [&hellip;]\" \/>\n<meta property=\"og:url\" content=\"https:\/\/agrovyzkum.cz\/bulletin\/redakcni-rada\/\" \/>\n<meta property=\"og:site_name\" content=\"V\u00fdzkum v chovu skotu\" \/>\n<meta property=\"article:modified_time\" content=\"2025-06-03T04:49:24+00:00\" \/>\n<meta property=\"og:image\" content=\"http:\/\/agrovyzkum.cz\/bulletin\/wp-content\/uploads\/sites\/5\/2019\/09\/macbook-336704_slider_v2.jpg\" \/>\n\t<meta property=\"og:image:width\" content=\"1920\" \/>\n\t<meta property=\"og:image:height\" content=\"550\" \/>\n\t<meta property=\"og:image:type\" content=\"image\/jpeg\" \/>\n<meta name=\"twitter:card\" content=\"summary_large_image\" \/>\n<meta name=\"twitter:label1\" content=\"Odhadovan\u00e1 doba \u010dten\u00ed\" \/>\n\t<meta name=\"twitter:data1\" content=\"2 minuty\" \/>\n<script type=\"application\/ld+json\" class=\"yoast-schema-graph\">{\"@context\":\"https:\/\/schema.org\",\"@graph\":[{\"@type\":\"WebPage\",\"@id\":\"https:\/\/agrovyzkum.cz\/bulletin\/redakcni-rada\/\",\"url\":\"https:\/\/agrovyzkum.cz\/bulletin\/redakcni-rada\/\",\"name\":\"Redak\u010dn\u00ed rada | V\u00fdzkum v chovu skotu\",\"isPartOf\":{\"@id\":\"https:\/\/agrovyzkum.cz\/bulletin\/#website\"},\"primaryImageOfPage\":{\"@id\":\"https:\/\/agrovyzkum.cz\/bulletin\/redakcni-rada\/#primaryimage\"},\"image\":{\"@id\":\"https:\/\/agrovyzkum.cz\/bulletin\/redakcni-rada\/#primaryimage\"},\"thumbnailUrl\":\"https:\/\/agrovyzkum.cz\/bulletin\/wp-content\/uploads\/sites\/5\/2019\/09\/macbook-336704_slider_v2.jpg\",\"datePublished\":\"2019-08-20T16:48:23+00:00\",\"dateModified\":\"2025-06-03T04:49:24+00:00\",\"breadcrumb\":{\"@id\":\"https:\/\/agrovyzkum.cz\/bulletin\/redakcni-rada\/#breadcrumb\"},\"inLanguage\":\"cs\",\"potentialAction\":[{\"@type\":\"ReadAction\",\"target\":[\"https:\/\/agrovyzkum.cz\/bulletin\/redakcni-rada\/\"]}]},{\"@type\":\"ImageObject\",\"inLanguage\":\"cs\",\"@id\":\"https:\/\/agrovyzkum.cz\/bulletin\/redakcni-rada\/#primaryimage\",\"url\":\"https:\/\/agrovyzkum.cz\/bulletin\/wp-content\/uploads\/sites\/5\/2019\/09\/macbook-336704_slider_v2.jpg\",\"contentUrl\":\"https:\/\/agrovyzkum.cz\/bulletin\/wp-content\/uploads\/sites\/5\/2019\/09\/macbook-336704_slider_v2.jpg\",\"width\":1920,\"height\":550},{\"@type\":\"BreadcrumbList\",\"@id\":\"https:\/\/agrovyzkum.cz\/bulletin\/redakcni-rada\/#breadcrumb\",\"itemListElement\":[{\"@type\":\"ListItem\",\"position\":1,\"name\":\"V\u00fdzkum v chovu skotu\",\"item\":\"https:\/\/agrovyzkum.cz\/bulletin\/\"},{\"@type\":\"ListItem\",\"position\":2,\"name\":\"Redak\u010dn\u00ed rada\"}]},{\"@type\":\"WebSite\",\"@id\":\"https:\/\/agrovyzkum.cz\/bulletin\/#website\",\"url\":\"https:\/\/agrovyzkum.cz\/bulletin\/\",\"name\":\"V\u00fdzkum v chovu skotu\",\"description\":\"\",\"publisher\":{\"@id\":\"https:\/\/agrovyzkum.cz\/bulletin\/#organization\"},\"potentialAction\":[{\"@type\":\"SearchAction\",\"target\":{\"@type\":\"EntryPoint\",\"urlTemplate\":\"https:\/\/agrovyzkum.cz\/bulletin\/?s={search_term_string}\"},\"query-input\":{\"@type\":\"PropertyValueSpecification\",\"valueRequired\":true,\"valueName\":\"search_term_string\"}}],\"inLanguage\":\"cs\"},{\"@type\":\"Organization\",\"@id\":\"https:\/\/agrovyzkum.cz\/bulletin\/#organization\",\"name\":\"Agrov\u00fdzkum Rapot\u00edn s.r.o.\",\"url\":\"https:\/\/agrovyzkum.cz\/bulletin\/\",\"logo\":{\"@type\":\"ImageObject\",\"inLanguage\":\"cs\",\"@id\":\"https:\/\/agrovyzkum.cz\/bulletin\/#\/schema\/logo\/image\/\",\"url\":\"https:\/\/agrovyzkum.cz\/bulletin\/wp-content\/uploads\/sites\/5\/2020\/03\/logo_agro.svg\",\"contentUrl\":\"https:\/\/agrovyzkum.cz\/bulletin\/wp-content\/uploads\/sites\/5\/2020\/03\/logo_agro.svg\",\"width\":36,\"height\":22,\"caption\":\"Agrov\u00fdzkum Rapot\u00edn s.r.o.\"},\"image\":{\"@id\":\"https:\/\/agrovyzkum.cz\/bulletin\/#\/schema\/logo\/image\/\"}}]}<\/script>\n<!-- \/ Yoast SEO plugin. -->","yoast_head_json":{"title":"Redak\u010dn\u00ed rada | V\u00fdzkum v chovu skotu","robots":{"index":"index","follow":"follow","max-snippet":"max-snippet:-1","max-image-preview":"max-image-preview:large","max-video-preview":"max-video-preview:-1"},"canonical":"https:\/\/agrovyzkum.cz\/bulletin\/redakcni-rada\/","og_locale":"cs_CZ","og_type":"article","og_title":"Redak\u010dn\u00ed rada | V\u00fdzkum v chovu skotu","og_description":"P\u0159edseda redak\u010dn\u00ed rady Ing. Prokop \u0160mirous, Ph.D. \/ Agrov\u00fdzkum Rapot\u00edn s.r.o. \u0160\u00e9fredaktor doc. Ing. Ji\u0159\u00ed Bezd\u00ed\u010dek, Ph.D. \/ Univerzita Palack\u00e9ho v Olomouci V\u00fdkonn\u00fd redaktor Ing. Marian Koza \/\u00a0Agrov\u00fdzkum Rapot\u00edn s.r.o. Intern\u00ed \u010dlenov\u00e9 Ing. Old\u0159ich L\u00e1tal, Ph.D. Ing. Jan Pozd\u00ed\u0161ek, CSc. MVDr. Hana Proch\u00e1zkov\u00e1 Mgr. Blanka Z\u00e1brodsk\u00e1, Ph.D. Extern\u00ed \u010dlenov\u00e9 doc. Ing. Jan Beran, Ph.D. \/ Jiho\u010desk\u00e1 univerzita v \u010cesk\u00fdch Bud\u011bjovic\u00edch [&hellip;]","og_url":"https:\/\/agrovyzkum.cz\/bulletin\/redakcni-rada\/","og_site_name":"V\u00fdzkum v chovu skotu","article_modified_time":"2025-06-03T04:49:24+00:00","og_image":[{"width":1920,"height":550,"url":"http:\/\/agrovyzkum.cz\/bulletin\/wp-content\/uploads\/sites\/5\/2019\/09\/macbook-336704_slider_v2.jpg","type":"image\/jpeg"}],"twitter_card":"summary_large_image","twitter_misc":{"Odhadovan\u00e1 doba \u010dten\u00ed":"2 minuty"},"schema":{"@context":"https:\/\/schema.org","@graph":[{"@type":"WebPage","@id":"https:\/\/agrovyzkum.cz\/bulletin\/redakcni-rada\/","url":"https:\/\/agrovyzkum.cz\/bulletin\/redakcni-rada\/","name":"Redak\u010dn\u00ed rada | V\u00fdzkum v chovu skotu","isPartOf":{"@id":"https:\/\/agrovyzkum.cz\/bulletin\/#website"},"primaryImageOfPage":{"@id":"https:\/\/agrovyzkum.cz\/bulletin\/redakcni-rada\/#primaryimage"},"image":{"@id":"https:\/\/agrovyzkum.cz\/bulletin\/redakcni-rada\/#primaryimage"},"thumbnailUrl":"https:\/\/agrovyzkum.cz\/bulletin\/wp-content\/uploads\/sites\/5\/2019\/09\/macbook-336704_slider_v2.jpg","datePublished":"2019-08-20T16:48:23+00:00","dateModified":"2025-06-03T04:49:24+00:00","breadcrumb":{"@id":"https:\/\/agrovyzkum.cz\/bulletin\/redakcni-rada\/#breadcrumb"},"inLanguage":"cs","potentialAction":[{"@type":"ReadAction","target":["https:\/\/agrovyzkum.cz\/bulletin\/redakcni-rada\/"]}]},{"@type":"ImageObject","inLanguage":"cs","@id":"https:\/\/agrovyzkum.cz\/bulletin\/redakcni-rada\/#primaryimage","url":"https:\/\/agrovyzkum.cz\/bulletin\/wp-content\/uploads\/sites\/5\/2019\/09\/macbook-336704_slider_v2.jpg","contentUrl":"https:\/\/agrovyzkum.cz\/bulletin\/wp-content\/uploads\/sites\/5\/2019\/09\/macbook-336704_slider_v2.jpg","width":1920,"height":550},{"@type":"BreadcrumbList","@id":"https:\/\/agrovyzkum.cz\/bulletin\/redakcni-rada\/#breadcrumb","itemListElement":[{"@type":"ListItem","position":1,"name":"V\u00fdzkum v chovu skotu","item":"https:\/\/agrovyzkum.cz\/bulletin\/"},{"@type":"ListItem","position":2,"name":"Redak\u010dn\u00ed rada"}]},{"@type":"WebSite","@id":"https:\/\/agrovyzkum.cz\/bulletin\/#website","url":"https:\/\/agrovyzkum.cz\/bulletin\/","name":"V\u00fdzkum v chovu skotu","description":"","publisher":{"@id":"https:\/\/agrovyzkum.cz\/bulletin\/#organization"},"potentialAction":[{"@type":"SearchAction","target":{"@type":"EntryPoint","urlTemplate":"https:\/\/agrovyzkum.cz\/bulletin\/?s={search_term_string}"},"query-input":{"@type":"PropertyValueSpecification","valueRequired":true,"valueName":"search_term_string"}}],"inLanguage":"cs"},{"@type":"Organization","@id":"https:\/\/agrovyzkum.cz\/bulletin\/#organization","name":"Agrov\u00fdzkum Rapot\u00edn s.r.o.","url":"https:\/\/agrovyzkum.cz\/bulletin\/","logo":{"@type":"ImageObject","inLanguage":"cs","@id":"https:\/\/agrovyzkum.cz\/bulletin\/#\/schema\/logo\/image\/","url":"https:\/\/agrovyzkum.cz\/bulletin\/wp-content\/uploads\/sites\/5\/2020\/03\/logo_agro.svg","contentUrl":"https:\/\/agrovyzkum.cz\/bulletin\/wp-content\/uploads\/sites\/5\/2020\/03\/logo_agro.svg","width":36,"height":22,"caption":"Agrov\u00fdzkum Rapot\u00edn s.r.o."},"image":{"@id":"https:\/\/agrovyzkum.cz\/bulletin\/#\/schema\/logo\/image\/"}}]}},"_links":{"self":[{"href":"https:\/\/agrovyzkum.cz\/bulletin\/wp-json\/wp\/v2\/pages\/24","targetHints":{"allow":["GET"]}}],"collection":[{"href":"https:\/\/agrovyzkum.cz\/bulletin\/wp-json\/wp\/v2\/pages"}],"about":[{"href":"https:\/\/agrovyzkum.cz\/bulletin\/wp-json\/wp\/v2\/types\/page"}],"author":[{"embeddable":true,"href":"https:\/\/agrovyzkum.cz\/bulletin\/wp-json\/wp\/v2\/users\/1"}],"replies":[{"embeddable":true,"href":"https:\/\/agrovyzkum.cz\/bulletin\/wp-json\/wp\/v2\/comments?post=24"}],"version-history":[{"count":5,"href":"https:\/\/agrovyzkum.cz\/bulletin\/wp-json\/wp\/v2\/pages\/24\/revisions"}],"predecessor-version":[{"id":2885,"href":"https:\/\/agrovyzkum.cz\/bulletin\/wp-json\/wp\/v2\/pages\/24\/revisions\/2885"}],"wp:featuredmedia":[{"embeddable":true,"href":"https:\/\/agrovyzkum.cz\/bulletin\/wp-json\/wp\/v2\/media\/390"}],"wp:attachment":[{"href":"https:\/\/agrovyzkum.cz\/bulletin\/wp-json\/wp\/v2\/media?parent=24"}],"curies":[{"name":"wp","href":"https:\/\/api.w.org\/{rel}","templated":true}]}}